{"id":379,"date":"2026-07-15T07:35:48","date_gmt":"2026-07-15T05:35:48","guid":{"rendered":"https:\/\/dev.ono-estetika.com\/fr\/?page_id=379"},"modified":"2026-08-31T14:41:16","modified_gmt":"2026-08-31T12:41:16","slug":"specialistes","status":"publish","type":"page","link":"https:\/\/dev.ono-estetika.com\/fr\/specialistes\/","title":{"rendered":"Sp\u00e9cialistes"},"content":{"rendered":"<section class=\"about-hero align wp-block-acf-hero-image\">\n\n            <div class=\"about-hero-bg\" style=\"background-image:url('https:\/\/dev.ono-estetika.com\/fr\/wp-content\/uploads\/trust-medical.jpg');\"><\/div>\n    \n    <div class=\"about-hero-overlay\"><\/div>\n\n    <nav class=\"breadcrumb about-breadcrumb\" aria-label=\"Fil d&#039;Ariane\"><span class=\"crumb-active\">Accueil<\/span><\/nav>\n    <div class=\"about-hero-content\">\n                <h1 class=\"about-hero-title\">\n            <span class=\"about-hero-eyebrow\">M\u00e9decins certifi\u00e9s FMH<\/span><br>                Nos M\u00e9decins Esth\u00e9tiques et Chirurgiens Plasticiens FMH en <em>Suisse Romande<\/em>.            <\/h1>\n                <p class=\"about-hero-sub\">Chirurgiens plasticiens, ophtalmologues et sp\u00e9cialistes en m\u00e9decine esth\u00e9tique. Certifi\u00e9s FMH, form\u00e9s aux techniques les plus avanc\u00e9es, pr\u00e9sents dans nos 9 cliniques en Suisse.<\/p>    <\/div>\n\n<\/section>\n\n<section class=\"section reponse-directe-block wp-block-acf-reponse-directe\">\n    <div class=\"container\">\n        <div class=\"reponse-directe-inner reveal\">\n            <p class=\"reponse-directe-eyebrow\">Notre r\u00e9seau<\/p>            <p class=\"reponse-directe-texte\">Le r\u00e9seau de cliniques Ono Estetika r\u00e9unit des m\u00e9decins praticiens et chirurgiens sp\u00e9cialistes certifi\u00e9s FMH (Chirurgie plastique, reconstructrice et esth\u00e9tique, Ophtalmologie). Pr\u00e9sents \u00e0 Gen\u00e8ve, Sion et en Suisse romande, nos experts proposent un accompagnement personnalis\u00e9 en m\u00e9decine et chirurgie esth\u00e9tique, dans le respect strict des normes de s\u00e9curit\u00e9 et de d\u00e9ontologie m\u00e9dicale suisses.<\/p>\n        <\/div>\n    <\/div>\n<\/section>\n\n<div class=\"grille-specialistes-block grille-specialistes-block--filtres-visibles wp-block-acf-grille-specialistes\">\n\n    \n            <div class=\"specialists-filters-bar\">\n            <div class=\"container\">\n                <div class=\"specialists-filters-inner\">\n\n                    <div class=\"filter-group\">\n                        <span class=\"filter-label\">Sp\u00e9cialit\u00e9<\/span>\n                        <select class=\"filter-select\" id=\"filter-specialite\">\n                            <option value=\"all\">Toutes les sp\u00e9cialit\u00e9s<\/option>\n                                                            <option value=\"chirurgie-esthetique\">Chirurgie esth\u00e9tique<\/option>\n                                                            <option value=\"medecine-esthetique\">M\u00e9decine esth\u00e9tique<\/option>\n                                                    <\/select>\n                    <\/div>\n\n                    <div class=\"filter-group\">\n                        <span class=\"filter-label\">Clinique<\/span>\n                        <select class=\"filter-select\" id=\"filter-clinique\">\n                            <option value=\"all\">Toutes les cliniques<\/option>\n                                                            <option value=\"clinique-de-sion\">Clinique de Sion<\/option>\n                                                            <option value=\"clinique-ono-estetika-petit-lancy\">Clinique ono estetika Petit-Lancy<\/option>\n                                                    <\/select>\n                    <\/div>\n\n                    <div class=\"filter-group\">\n                        <span class=\"filter-label\">Langue<\/span>\n                        <select class=\"filter-select\" id=\"filter-langue\">\n                            <option value=\"all\">Toutes les langues<\/option>\n                                                            <option value=\"fr\">Fran\u00e7ais<\/option>\n                                                            <option value=\"de\">Deutsch<\/option>\n                                                            <option value=\"en\">English<\/option>\n                                                            <option value=\"ar\">\u0627\u0644\u0639\u0631\u0628\u064a\u0629<\/option>\n                                                            <option value=\"it\">Italiano<\/option>\n                                                            <option value=\"es\">Espa\u00f1ol<\/option>\n                                                    <\/select>\n                    <\/div>\n\n                    <button type=\"button\" class=\"filter-reset\" id=\"filter-reset\">\n                        R\u00e9initialiser                        <svg width=\"10\" height=\"10\" viewBox=\"0 0 10 10\" fill=\"none\" style=\"margin-left:6px\"><path d=\"M9 1L1 9M1 1l8 8\" stroke=\"currentColor\" stroke-width=\"1.2\" stroke-linecap=\"round\"\/><\/svg>\n                    <\/button>\n\n                <\/div>\n            <\/div>\n        <\/div>\n    \n    <div class=\"container\">\n\n                    <div class=\"specialists-empty\" id=\"specialists-empty\">\n                <p class=\"specialists-empty-title\">Aucun sp\u00e9cialiste trouv\u00e9<\/p>\n                <p class=\"specialists-empty-sub\">Modifiez vos crit\u00e8res de recherche ou r\u00e9initialisez les filtres.<\/p>\n            <\/div>\n        \n        <div class=\"specialists-v2-grid reveal\" id=\"specialists-grid\">\n                                            <a href=\"https:\/\/dev.ono-estetika.com\/fr\/specialistes\/dr-david-schapiro\/\"\n                   class=\"specialist-h-card\"\n                   data-specialite=\"chirurgie-esthetique\"\n                   data-clinique=\"clinique-ono-estetika-petit-lancy\"\n                   data-langues=\"fr en it es\">\n\n                    <div class=\"specialist-h-photo\">\n                        <img loading=\"lazy\" decoding=\"async\" width=\"240\" height=\"300\" src=\"https:\/\/dev.ono-estetika.com\/fr\/wp-content\/uploads\/dr-shapiro-ono-estetika-geneve-240x300.webp\" class=\"attachment-medium size-medium\" alt=\"Dr David Schapiro\" srcset=\"https:\/\/dev.ono-estetika.com\/fr\/wp-content\/uploads\/dr-shapiro-ono-estetika-geneve-240x300.webp 240w, https:\/\/dev.ono-estetika.com\/fr\/wp-content\/uploads\/dr-shapiro-ono-estetika-geneve-80x100.webp 80w, https:\/\/dev.ono-estetika.com\/fr\/wp-content\/uploads\/dr-shapiro-ono-estetika-geneve.webp 541w\" sizes=\"auto, (max-width: 240px) 100vw, 240px\" \/>                    <\/div>\n\n                    <div class=\"specialist-h-info\">\n                        \n                        <p class=\"specialist-h-specialty\">Sp\u00e9cialiste en chirurgie esth\u00e9tique du regard<\/p>\n                        <div class=\"specialist-h-name\">Dr David Schapiro<\/div>\n\n                        <div class=\"specialist-h-title\">Chirurgien Ophtalmologue (FMH)<\/div>\n                        \n                                                    <div class=\"specialist-clinic-label\">Clinique<\/div>\n                            <div class=\"specialist-clinic-val\">Clinique ono estetika Petit-Lancy<\/div>\n                        \n                        <span class=\"specialist-h-rdv\">\n                            Voir son profil                            <svg width=\"12\" height=\"12\" viewBox=\"0 0 12 12\" fill=\"none\"><path d=\"M2 6h8M6 2l4 4-4 4\" stroke=\"currentColor\" stroke-width=\"1.2\" stroke-linecap=\"round\" stroke-linejoin=\"round\"\/><\/svg>\n                        <\/span>\n                    <\/div>\n                <\/a>\n                                            <a href=\"https:\/\/dev.ono-estetika.com\/fr\/specialistes\/dr-marc-ducarre\/\"\n                   class=\"specialist-h-card\"\n                   data-specialite=\"medecine-esthetique\"\n                   data-clinique=\"clinique-ono-estetika-petit-lancy\"\n                   data-langues=\"fr en\">\n\n                    <div class=\"specialist-h-photo\">\n                        <img loading=\"lazy\" decoding=\"async\" width=\"240\" height=\"300\" src=\"https:\/\/dev.ono-estetika.com\/fr\/wp-content\/uploads\/dr-ducarre-ono-estetika-geneve-240x300.webp\" class=\"attachment-medium size-medium\" alt=\"Dr Marc Ducarre\" srcset=\"https:\/\/dev.ono-estetika.com\/fr\/wp-content\/uploads\/dr-ducarre-ono-estetika-geneve-240x300.webp 240w, https:\/\/dev.ono-estetika.com\/fr\/wp-content\/uploads\/dr-ducarre-ono-estetika-geneve-80x100.webp 80w, https:\/\/dev.ono-estetika.com\/fr\/wp-content\/uploads\/dr-ducarre-ono-estetika-geneve.webp 541w\" sizes=\"auto, (max-width: 240px) 100vw, 240px\" \/>                    <\/div>\n\n                    <div class=\"specialist-h-info\">\n                        \n                        <p class=\"specialist-h-specialty\">Nutrition fonctionnelle (agr\u00e9\u00e9e ASCA)<\/p>\n                        <div class=\"specialist-h-name\">Dr Marc Ducarre<\/div>\n\n                        <div class=\"specialist-h-title\">Sp\u00e9cialiste en m\u00e9decine esth\u00e9tique et nutrition fonctionnelle<\/div>\n                        \n                                                    <div class=\"specialist-clinic-label\">Clinique<\/div>\n                            <div class=\"specialist-clinic-val\">Clinique ono estetika Petit-Lancy<\/div>\n                        \n                        <span class=\"specialist-h-rdv\">\n                            Voir son profil                            <svg width=\"12\" height=\"12\" viewBox=\"0 0 12 12\" fill=\"none\"><path d=\"M2 6h8M6 2l4 4-4 4\" stroke=\"currentColor\" stroke-width=\"1.2\" stroke-linecap=\"round\" stroke-linejoin=\"round\"\/><\/svg>\n                        <\/span>\n                    <\/div>\n                <\/a>\n                                            <a href=\"https:\/\/dev.ono-estetika.com\/fr\/specialistes\/dr-nicolas-balague\/\"\n                   class=\"specialist-h-card\"\n                   data-specialite=\"chirurgie-esthetique\"\n                   data-clinique=\"clinique-de-sion\"\n                   data-langues=\"fr de en es\">\n\n                    <div class=\"specialist-h-photo\">\n                        <img loading=\"lazy\" decoding=\"async\" width=\"240\" height=\"300\" src=\"https:\/\/dev.ono-estetika.com\/fr\/wp-content\/uploads\/dr-balague-ono-estetika-sion-240x300.webp\" class=\"attachment-medium size-medium\" alt=\"Dr Nicolas Balagu\u00e9\" srcset=\"https:\/\/dev.ono-estetika.com\/fr\/wp-content\/uploads\/dr-balague-ono-estetika-sion-240x300.webp 240w, https:\/\/dev.ono-estetika.com\/fr\/wp-content\/uploads\/dr-balague-ono-estetika-sion-80x100.webp 80w, https:\/\/dev.ono-estetika.com\/fr\/wp-content\/uploads\/dr-balague-ono-estetika-sion.webp 541w\" sizes=\"auto, (max-width: 240px) 100vw, 240px\" \/>                    <\/div>\n\n                    <div class=\"specialist-h-info\">\n                        \n                        <p class=\"specialist-h-specialty\">Chirurgie plastique, reconstructive et esth\u00e9tique<\/p>\n                        <div class=\"specialist-h-name\">Dr Nicolas Balagu\u00e9<\/div>\n\n                        <div class=\"specialist-h-title\">Chirurgien plastique FMH \u2013 Injection et chirurgie esth\u00e9tique<\/div>\n                        \n                                                    <div class=\"specialist-clinic-label\">Clinique<\/div>\n                            <div class=\"specialist-clinic-val\">Clinique de Sion<\/div>\n                        \n                        <span class=\"specialist-h-rdv\">\n                            Voir son profil                            <svg width=\"12\" height=\"12\" viewBox=\"0 0 12 12\" fill=\"none\"><path d=\"M2 6h8M6 2l4 4-4 4\" stroke=\"currentColor\" stroke-width=\"1.2\" stroke-linecap=\"round\" stroke-linejoin=\"round\"\/><\/svg>\n                        <\/span>\n                    <\/div>\n                <\/a>\n                                            <a href=\"https:\/\/dev.ono-estetika.com\/fr\/specialistes\/dre-alessandra-balducci\/\"\n                   class=\"specialist-h-card\"\n                   data-specialite=\"medecine-esthetique\"\n                   data-clinique=\"clinique-ono-estetika-petit-lancy\"\n                   data-langues=\"fr it\">\n\n                    <div class=\"specialist-h-photo\">\n                        <img loading=\"lazy\" decoding=\"async\" width=\"240\" height=\"300\" src=\"https:\/\/dev.ono-estetika.com\/fr\/wp-content\/uploads\/dr-alessandra-balducci-medecin-esthetique-ono-estetika-240x300.webp\" class=\"attachment-medium size-medium\" alt=\"Dre Alessandra Balducci\" srcset=\"https:\/\/dev.ono-estetika.com\/fr\/wp-content\/uploads\/dr-alessandra-balducci-medecin-esthetique-ono-estetika-240x300.webp 240w, https:\/\/dev.ono-estetika.com\/fr\/wp-content\/uploads\/dr-alessandra-balducci-medecin-esthetique-ono-estetika-80x100.webp 80w, https:\/\/dev.ono-estetika.com\/fr\/wp-content\/uploads\/dr-alessandra-balducci-medecin-esthetique-ono-estetika.webp 541w\" sizes=\"auto, (max-width: 240px) 100vw, 240px\" \/>                    <\/div>\n\n                    <div class=\"specialist-h-info\">\n                        \n                        <p class=\"specialist-h-specialty\">M\u00e9decine esth\u00e9tique &amp; anti-\u00e2ge<\/p>\n                        <div class=\"specialist-h-name\">Dre Alessandra Balducci<\/div>\n\n                        <div class=\"specialist-h-title\">Sp\u00e9cialiste en chirurgie plastique et reconstructive et en m\u00e9decine esth\u00e9tique<\/div>\n                        \n                                                    <div class=\"specialist-clinic-label\">Clinique<\/div>\n                            <div class=\"specialist-clinic-val\">Clinique ono estetika Petit-Lancy<\/div>\n                        \n                        <span class=\"specialist-h-rdv\">\n                            Voir son profil                            <svg width=\"12\" height=\"12\" viewBox=\"0 0 12 12\" fill=\"none\"><path d=\"M2 6h8M6 2l4 4-4 4\" stroke=\"currentColor\" stroke-width=\"1.2\" stroke-linecap=\"round\" stroke-linejoin=\"round\"\/><\/svg>\n                        <\/span>\n                    <\/div>\n                <\/a>\n                                            <a href=\"https:\/\/dev.ono-estetika.com\/fr\/specialistes\/dre-dalia-alami-gomaa\/\"\n                   class=\"specialist-h-card\"\n                   data-specialite=\"medecine-esthetique\"\n                   data-clinique=\"clinique-ono-estetika-petit-lancy\"\n                   data-langues=\"fr en ar\">\n\n                    <div class=\"specialist-h-photo\">\n                        <img loading=\"lazy\" decoding=\"async\" width=\"240\" height=\"300\" src=\"https:\/\/dev.ono-estetika.com\/fr\/wp-content\/uploads\/dr-gomaa-ono-estetika-geneve-240x300.webp\" class=\"attachment-medium size-medium\" alt=\"Dre Dalia Alami-Gomaa\" srcset=\"https:\/\/dev.ono-estetika.com\/fr\/wp-content\/uploads\/dr-gomaa-ono-estetika-geneve-240x300.webp 240w, https:\/\/dev.ono-estetika.com\/fr\/wp-content\/uploads\/dr-gomaa-ono-estetika-geneve-80x100.webp 80w, https:\/\/dev.ono-estetika.com\/fr\/wp-content\/uploads\/dr-gomaa-ono-estetika-geneve.webp 541w\" sizes=\"auto, (max-width: 240px) 100vw, 240px\" \/>                    <\/div>\n\n                    <div class=\"specialist-h-info\">\n                        \n                        <p class=\"specialist-h-specialty\">M\u00e9decine esth\u00e9tique du regard<\/p>\n                        <div class=\"specialist-h-name\">Dre Dalia Alami-Gomaa<\/div>\n\n                        <div class=\"specialist-h-title\">Sp\u00e9cialiste FMH en ophtalmologie \u2013 Cheffe de clinique<\/div>\n                        \n                                                    <div class=\"specialist-clinic-label\">Clinique<\/div>\n                            <div class=\"specialist-clinic-val\">Clinique ono estetika Petit-Lancy<\/div>\n                        \n                        <span class=\"specialist-h-rdv\">\n                            Voir son profil                            <svg width=\"12\" height=\"12\" viewBox=\"0 0 12 12\" fill=\"none\"><path d=\"M2 6h8M6 2l4 4-4 4\" stroke=\"currentColor\" stroke-width=\"1.2\" stroke-linecap=\"round\" stroke-linejoin=\"round\"\/><\/svg>\n                        <\/span>\n                    <\/div>\n                <\/a>\n                    <\/div>\n    <\/div>\n<\/div>\n\n<section class=\"cta-final cta-final--creme wp-block-acf-cta-final\">\n    <div class=\"container\">\n        <p class=\"cta-eyebrow reveal\">Commencez votre transformation<\/p>        <h2 class=\"cta-title reveal\">Pr\u00eat(e) \u00e0 rencontrer<br>\r\nvotre <em>sp\u00e9cialiste<\/em> ?<\/h2>        <p class=\"cta-sub reveal\">Prenez rendez-vous en ligne. Confirmation imm\u00e9diate sur OneDoc.<\/p>                    <div class=\"reveal cta-final-actions\">\n                <a href=\"https:\/\/dev.ono-estetika.com\/fr\/rendez-vous\/\" class=\"btn-primary\">Prendre votre rendez-vous<svg class=\"btn-arrow\" width=\"14\" height=\"14\" viewBox=\"0 0 14 14\" fill=\"none\"><path d=\"M2 7h10M7 2l5 5-5 5\" stroke=\"currentColor\" stroke-width=\"1.3\" stroke-linecap=\"round\" stroke-linejoin=\"round\"\/><\/svg><\/a>                                <p class=\"cta-micro\">Sans engagement \u00b7 Confirmation imm\u00e9diate \u00b7 Modifiable \u00e0 tout moment<\/p>            <\/div>\n            <\/div>\n<\/section>","protected":false},"excerpt":{"rendered":"","protected":false},"author":1,"featured_media":0,"parent":0,"menu_order":0,"comment_status":"closed","ping_status":"closed","template":"","meta":{"_acf_changed":false,"footnotes":""},"class_list":["post-379","page","type-page","status-publish","hentry"],"acf":[],"_links":{"self":[{"href":"https:\/\/dev.ono-estetika.com\/fr\/wp-json\/wp\/v2\/pages\/379","targetHints":{"allow":["GET"]}}],"collection":[{"href":"https:\/\/dev.ono-estetika.com\/fr\/wp-json\/wp\/v2\/pages"}],"about":[{"href":"https:\/\/dev.ono-estetika.com\/fr\/wp-json\/wp\/v2\/types\/page"}],"author":[{"embeddable":true,"href":"https:\/\/dev.ono-estetika.com\/fr\/wp-json\/wp\/v2\/users\/1"}],"replies":[{"embeddable":true,"href":"https:\/\/dev.ono-estetika.com\/fr\/wp-json\/wp\/v2\/comments?post=379"}],"version-history":[{"count":5,"href":"https:\/\/dev.ono-estetika.com\/fr\/wp-json\/wp\/v2\/pages\/379\/revisions"}],"predecessor-version":[{"id":853,"href":"https:\/\/dev.ono-estetika.com\/fr\/wp-json\/wp\/v2\/pages\/379\/revisions\/853"}],"wp:attachment":[{"href":"https:\/\/dev.ono-estetika.com\/fr\/wp-json\/wp\/v2\/media?parent=379"}],"curies":[{"name":"wp","href":"https:\/\/api.w.org\/{rel}","templated":true}]}}