{"id":341,"date":"2026-07-14T11:46:01","date_gmt":"2026-07-14T09:46:01","guid":{"rendered":"https:\/\/dev.ono-estetika.com\/fr\/?page_id=341"},"modified":"2026-07-22T11:45:49","modified_gmt":"2026-07-22T09:45:49","slug":"politique-de-confidentialite","status":"publish","type":"page","link":"https:\/\/dev.ono-estetika.com\/fr\/politique-de-confidentialite\/","title":{"rendered":"Politique de confidentialit\u00e9"},"content":{"rendered":"\n<div class=\"wp-block-group section\"><div class=\"wp-block-group__inner-container is-layout-constrained wp-block-group-is-layout-constrained\">\n<h1 class=\"wp-block-heading\">Politique de confidentialit\u00e9<\/h1>\n\n\n\n<h2 class=\"wp-block-heading\">Introduction<\/h2>\n\n\n\n<p class=\"wp-block-paragraph\">ono estetika\u00ae accorde une importance particuli\u00e8re \u00e0 la protection de vos donn\u00e9es personnelles, conform\u00e9ment \u00e0 la Loi f\u00e9d\u00e9rale sur la protection des donn\u00e9es (LPD) suisse et, le cas \u00e9ch\u00e9ant, au R\u00e8glement g\u00e9n\u00e9ral sur la protection des donn\u00e9es (RGPD) europ\u00e9en.<\/p>\n\n\n\n<h2 class=\"wp-block-heading\">Donn\u00e9es collect\u00e9es<\/h2>\n\n\n\n<p class=\"wp-block-paragraph\">Nous collectons les donn\u00e9es que vous nous transmettez volontairement via le formulaire de contact ou lors de la prise de rendez-vous : nom, pr\u00e9nom, adresse email, num\u00e9ro de t\u00e9l\u00e9phone, et le contenu de votre message ou demande.<\/p>\n\n\n\n<h2 class=\"wp-block-heading\">Finalit\u00e9 du traitement<\/h2>\n\n\n\n<p class=\"wp-block-paragraph\">Ces donn\u00e9es sont utilis\u00e9es exclusivement pour : <br><\/p>\n\n\n\n<ul class=\"wp-block-list\">\n<li>R\u00e9pondre \u00e0 vos demandes de contact<\/li>\n\n\n\n<li>Traiter votre prise de rendez-vous<\/li>\n\n\n\n<li>Vous adresser les confirmations et rappels li\u00e9s \u00e0 votre rendez-vous<\/li>\n<\/ul>\n\n\n\n<p class=\"wp-block-paragraph\">Aucune donn\u00e9e n&rsquo;est vendue ou transmise \u00e0 des tiers \u00e0 des fins commerciales.<\/p>\n\n\n\n<p class=\"wp-block-paragraph\"><\/p>\n<\/div><\/div>\n","protected":false},"excerpt":{"rendered":"<p>Politique de confidentialit\u00e9 Introduction ono estetika\u00ae accorde une importance particuli\u00e8re \u00e0 la protection de vos donn\u00e9es personnelles, conform\u00e9ment \u00e0 la Loi f\u00e9d\u00e9rale sur la protection des donn\u00e9es (LPD) suisse et, le cas \u00e9ch\u00e9ant, au R\u00e8glement g\u00e9n\u00e9ral sur la protection des donn\u00e9es (RGPD) europ\u00e9en. Donn\u00e9es collect\u00e9es Nous collectons les donn\u00e9es que vous nous transmettez volontairement via [&hellip;]<\/p>\n","protected":false},"author":1,"featured_media":0,"parent":0,"menu_order":0,"comment_status":"closed","ping_status":"closed","template":"","meta":{"_acf_changed":false,"footnotes":""},"class_list":["post-341","page","type-page","status-publish","hentry"],"acf":[],"_links":{"self":[{"href":"https:\/\/dev.ono-estetika.com\/fr\/wp-json\/wp\/v2\/pages\/341","targetHints":{"allow":["GET"]}}],"collection":[{"href":"https:\/\/dev.ono-estetika.com\/fr\/wp-json\/wp\/v2\/pages"}],"about":[{"href":"https:\/\/dev.ono-estetika.com\/fr\/wp-json\/wp\/v2\/types\/page"}],"author":[{"embeddable":true,"href":"https:\/\/dev.ono-estetika.com\/fr\/wp-json\/wp\/v2\/users\/1"}],"replies":[{"embeddable":true,"href":"https:\/\/dev.ono-estetika.com\/fr\/wp-json\/wp\/v2\/comments?post=341"}],"version-history":[{"count":4,"href":"https:\/\/dev.ono-estetika.com\/fr\/wp-json\/wp\/v2\/pages\/341\/revisions"}],"predecessor-version":[{"id":637,"href":"https:\/\/dev.ono-estetika.com\/fr\/wp-json\/wp\/v2\/pages\/341\/revisions\/637"}],"wp:attachment":[{"href":"https:\/\/dev.ono-estetika.com\/fr\/wp-json\/wp\/v2\/media?parent=341"}],"curies":[{"name":"wp","href":"https:\/\/api.w.org\/{rel}","templated":true}]}}